{"id":1498,"date":"2025-01-23T17:01:24","date_gmt":"2025-01-23T16:01:24","guid":{"rendered":"https:\/\/www.relaisvillagraziani.com\/?page_id=1498"},"modified":"2025-01-23T17:02:54","modified_gmt":"2025-01-23T16:02:54","slug":"privacy-policy","status":"publish","type":"page","link":"https:\/\/www.relaisvillagraziani.com\/it\/privacy-policy\/","title":{"rendered":"Privacy policy"},"content":{"rendered":"\t\t<div data-elementor-type=\"wp-page\" data-elementor-id=\"1498\" class=\"elementor elementor-1498\" data-elementor-settings=\"{&quot;element_pack_global_tooltip_width&quot;:{&quot;unit&quot;:&quot;px&quot;,&quot;size&quot;:&quot;&quot;,&quot;sizes&quot;:[]},&quot;element_pack_global_tooltip_width_tablet&quot;:{&quot;unit&quot;:&quot;px&quot;,&quot;size&quot;:&quot;&quot;,&quot;sizes&quot;:[]},&quot;element_pack_global_tooltip_width_mobile&quot;:{&quot;unit&quot;:&quot;px&quot;,&quot;size&quot;:&quot;&quot;,&quot;sizes&quot;:[]},&quot;element_pack_global_tooltip_padding&quot;:{&quot;unit&quot;:&quot;px&quot;,&quot;top&quot;:&quot;&quot;,&quot;right&quot;:&quot;&quot;,&quot;bottom&quot;:&quot;&quot;,&quot;left&quot;:&quot;&quot;,&quot;isLinked&quot;:true},&quot;element_pack_global_tooltip_padding_tablet&quot;:{&quot;unit&quot;:&quot;px&quot;,&quot;top&quot;:&quot;&quot;,&quot;right&quot;:&quot;&quot;,&quot;bottom&quot;:&quot;&quot;,&quot;left&quot;:&quot;&quot;,&quot;isLinked&quot;:true},&quot;element_pack_global_tooltip_padding_mobile&quot;:{&quot;unit&quot;:&quot;px&quot;,&quot;top&quot;:&quot;&quot;,&quot;right&quot;:&quot;&quot;,&quot;bottom&quot;:&quot;&quot;,&quot;left&quot;:&quot;&quot;,&quot;isLinked&quot;:true},&quot;element_pack_global_tooltip_border_radius&quot;:{&quot;unit&quot;:&quot;px&quot;,&quot;top&quot;:&quot;&quot;,&quot;right&quot;:&quot;&quot;,&quot;bottom&quot;:&quot;&quot;,&quot;left&quot;:&quot;&quot;,&quot;isLinked&quot;:true},&quot;element_pack_global_tooltip_border_radius_tablet&quot;:{&quot;unit&quot;:&quot;px&quot;,&quot;top&quot;:&quot;&quot;,&quot;right&quot;:&quot;&quot;,&quot;bottom&quot;:&quot;&quot;,&quot;left&quot;:&quot;&quot;,&quot;isLinked&quot;:true},&quot;element_pack_global_tooltip_border_radius_mobile&quot;:{&quot;unit&quot;:&quot;px&quot;,&quot;top&quot;:&quot;&quot;,&quot;right&quot;:&quot;&quot;,&quot;bottom&quot;:&quot;&quot;,&quot;left&quot;:&quot;&quot;,&quot;isLinked&quot;:true}}\">\n\t\t\t\t\t\t<section class=\"elementor-section elementor-top-section elementor-element elementor-element-99fc5e8 elementor-section-boxed elementor-section-height-default elementor-section-height-default\" data-id=\"99fc5e8\" data-element_type=\"section\" data-e-type=\"section\">\n\t\t\t\t\t\t<div class=\"elementor-container elementor-column-gap-default\">\n\t\t\t\t\t<div class=\"aux-parallax-section elementor-column elementor-col-100 elementor-top-column elementor-element elementor-element-c4fe6d3\" data-id=\"c4fe6d3\" data-element_type=\"column\" data-e-type=\"column\">\n\t\t\t<div class=\"elementor-widget-wrap elementor-element-populated\">\n\t\t\t\t\t\t<div class=\"elementor-element elementor-element-1ae0109 elementor-widget elementor-widget-heading\" data-id=\"1ae0109\" data-element_type=\"widget\" data-e-type=\"widget\" data-widget_type=\"heading.default\">\n\t\t\t\t<div class=\"elementor-widget-container\">\n\t\t\t\t\t<h1 class=\"elementor-heading-title elementor-size-default\">Privacy policy<\/h1>\t\t\t\t<\/div>\n\t\t\t\t<\/div>\n\t\t\t\t<div class=\"elementor-element elementor-element-28137d6 elementor-widget elementor-widget-text-editor\" data-id=\"28137d6\" data-element_type=\"widget\" data-e-type=\"widget\" data-widget_type=\"text-editor.default\">\n\t\t\t\t<div class=\"elementor-widget-container\">\n\t\t\t\t\t\t\t\t\t<p style=\"font-weight: 400;\"><strong>Resa ai sensi e per gli effetti del D. Lgs. 196\/2003 e Regolamento Europeo 2016\/679<\/strong><\/p><p style=\"font-weight: 400;\"><br \/><strong><u>FINALITA&#8217; DEL PRESENTE DOCUMENTO<\/u><\/strong><\/p><p style=\"font-weight: 400;\">Vengono di seguito comunicate le modalit\u00e0 di trattamento dei dati personali degli utenti del sito <strong>www.relaisvillagraziani.com<\/strong>, eventualmente raccolti durante la consultazione dello stesso. L&#8217;informativa viene resa ai sensi dell&#8217;art.13 del Decreto Legislativo 20 giugno 2003 n. 196 &#8211; Codice in materia di protezione dei dati personali e Regolamento Europeo 2016\/679 &#8211; disposizioni a protezione delle persone fisiche con riguardo al trattamento dei dati personali e alla libera circolazione di tali dati (GDPR) &#8211; a coloro che interagiscono con i servizi web accessibili per via telematica a partire dall\u2019indirizzo: <strong>www.relaisvillagraziani.com<\/strong>. Le indicazioni fornite di seguito si ispirano anche alle linee guida desunte dall&#8217;art. 29 della direttiva n. 95\/46\/CE e riguardano in modo particolare la raccolta dei dati personali su Internet prefiggendosi di identificare le misure minime che dovranno essere attuate nei confronti delle persone interessate per garantire la lealt\u00e0 e liceit\u00e0 di tali pratiche.<br \/><br \/><strong><u>IL TITOLARE DEL TRATTAMENTO<\/u><\/strong><\/p><p style=\"font-weight: 400;\">A seguito della consultazione del sito\u00a0<strong>www.relaisvillagraziani.com<\/strong>, in seguito denominato il sito, possono essere trattati dati relativi a persone identificate o identificabili. Il &#8220;Titolare&#8221; del loro trattamento \u00e8 <strong>ALV S.r.l.<\/strong>, con sede in<strong> Piazza Europa, 10 &#8211; 25050 Passirano (BS) &#8211; P.IVA: 04576050985<\/strong>, di seguito identificato come il titolare del trattamento.<\/p><p style=\"font-weight: 400;\">\u00a0<\/p><p style=\"font-weight: 400;\"><strong><u>AMBITO<\/u><\/strong><br \/>L&#8217;informativa \u00e8 resa solo per il sito in oggetto e non anche per altri siti Web esterni eventualmente consultabili tramite i link presenti sulle pagine del sito, che collegano a domini diversi, dei quali il titolare del trattamento non \u00e8 responsabile.<\/p><p style=\"font-weight: 400;\">\u00a0<\/p><p style=\"font-weight: 400;\"><strong><u>LUOGO DI TRATTAMENTO DEI DATI<\/u><\/strong><\/p><p style=\"font-weight: 400;\">I trattamenti connessi ai servizi Web sul sito (fisicamente residenti su server collegati alla rete) sono effettuati presso la sede del titolare del trattamento e sono curati solo da dipendenti, collaboratori o incaricati al trattamento, oppure da eventuali incaricati di occasionali operazioni di manutenzione. Nessun dato derivante dalla navigazione sul sito viene comunicato o diffuso a terzi il cui operato non \u00e8 inerente alla gestione, al funzionamento od al controllo delle operazioni del sito stesso. I dati personali forniti dagli utenti che inoltrano richieste di invio di materiale informativo sono utilizzati al solo fine di eseguire il servizio o la prestazione richiesta e sono comunicati a terzi nel caso in cui ci\u00f2 sia a tal fine necessario salvo quanto previsto al capitolo &#8220;conferimento dati facoltativo&#8221;.<\/p><p style=\"font-weight: 400;\"><br \/><strong>TIPI DI DATI TRATTATI<\/strong><\/p><p style=\"font-weight: 400;\"><u>Dati di Navigazione<\/u><\/p><p style=\"font-weight: 400;\">I sistemi informatici e le procedure software preposte al funzionamento del sito acquisiscono, nel corso del loro normale esercizio, alcuni dati personali la cui trasmissione \u00e8 implicita nell&#8217;uso dei protocolli di comunicazione di Internet. Si tratta di informazioni che non sono raccolte per essere associate ad interessati identificati, ma che per loro stessa natura potrebbero, attraverso elaborazioni ed associazioni con dati detenuti da terzi, permettere di identificare gli utenti. In questa categoria di dati rientrano, a mero titolo esemplificativo, gli indirizzi IP o i nomi a dominio dei computer utilizzati dagli utenti che si connettono al sito, gli indirizzi in notazione URI (Uniform Resource Identifier) delle risorse richieste, l&#8217;orario della richiesta, il metodo utilizzato nel sottoporre la richiesta al server, la dimensione del file ottenuto in risposta, il codice numerico indicante lo stato della risposta data dal server (buon fine, errore, ecc.) ed altri parametri relativi al sistema operativo e all&#8217;ambiente informatico dell&#8217;utente. Questi dati sono utilizzati al solo fine di ricavare informazioni statistiche anonime sull&#8217;uso del sito e per controllarne il corretto funzionamento. I dati potrebbero essere resi disponibili dal titolare del trattamento\u00a0per l&#8217;accertamento di responsabilit\u00e0 in caso di ipotetici reati informatici o altre richieste autorizzate dall&#8217;autorit\u00e0 giudiziaria.<\/p><p style=\"font-weight: 400;\"><u>\u00a0<\/u><\/p><p style=\"font-weight: 400;\"><u>Dati conferiti volontariamente dagli utenti del sito<\/u><\/p><p style=\"font-weight: 400;\">L&#8217;invio facoltativo, esplicito e volontario di messaggi di posta elettronica agli indirizzi indicati sul sito o la compilazione di moduli di richiesta o altre procedure guidate presenti sul sito stesso, ivi compresa il download di documenti dal sito stesso comportano la successiva acquisizione dell&#8217;indirizzo mail del mittente, necessario per rispondere alle richieste, nonch\u00e9 degli eventuali altri dati personali inseriti. Specifiche informative di sintesi verranno riportate o visualizzate nelle pagine del sito predisposte per particolari servizi a richiesta.<\/p><p style=\"font-weight: 400;\">\u00a0<\/p><p style=\"font-weight: 400;\">\u00a0<\/p><p style=\"font-weight: 400;\"><strong><u>FACOLTATIVITA\u2019 DEL CONFERIMENTO DEI DATI<\/u><\/strong><\/p><p style=\"font-weight: 400;\">A parte quanto specificato per i dati di navigazione, l&#8217;utente \u00e8 libero di fornire i dati personali riportati nei moduli di richiesta o comunque indicati in contatti per sollecitare l&#8217;invio di materiale informativo o di altre comunicazioni. Il loro mancato conferimento pu\u00f2 comportare l&#8217;impossibilit\u00e0 di ottenere quanto richiesto. Per completezza va ricordato che, in alcuni casi (non oggetto dell&#8217;ordinaria gestione di questo sito), l&#8217;Autorit\u00e0 pu\u00f2 richiedere notizie e informazioni ai sensi dell&#8217;art. 157 del D.Lgs. n. 196\/2003, ai fini del controllo sul trattamento dei dati personali. In questi casi la risposta \u00e8 obbligatoria a pena di sanzione amministrativa.<\/p><p style=\"font-weight: 400;\"><br \/><strong><u>USERNAME E PASSWORD<\/u><\/strong><\/p><p style=\"font-weight: 400;\">Nel caso in cui per l&#8217;accesso a sezioni riservate del sito venga richiesto all&#8217;utente di scegliere uno &#8216;username&#8217; e\/o una &#8216;password&#8217;, sar\u00e0 responsabilit\u00e0 dell&#8217;utente mantenere tali dati riservati e comunicare immediatamente al titolare del trattamento\u00a0il loro utilizzo da parte di persone non autorizzate.<br \/><br \/><strong><u>COOKIE<\/u><\/strong><br \/>I cookie sono brevi file di testo che vengono scaricati sul dispositivo dell&#8217;Utente quando si visita un sito web e consentono al sito di riconoscere il dispositivo dell\u2019Utente. Essi hanno diverse finalit\u00e0 come, per esempio, consentire di navigare efficientemente tra le pagine, ricordare i siti preferiti e, in generale, migliorare l&#8217;esperienza di navigazione. In base alla funzione e alla finalit\u00e0 di utilizzo, i cookie possono suddividersi in cookie tecnici, cookie di profilazione, cookie di terze parti. Per un approfondimento sui Cookie utilizzati dal sito vedi <a href=\"https:\/\/www.progesa.com\/it-it\/privacy-policy.aspx#cookie\">l&#8217;apposita sezione.<\/a><\/p><p style=\"font-weight: 400;\">\u00a0<\/p><p style=\"font-weight: 400;\"><strong><u>MODALITA&#8217; DEL TRATTAMENTO<\/u><\/strong><\/p><p style=\"font-weight: 400;\">I dati personali sono trattati con e senza strumenti elettronici o comunque automatizzati, informatici o telematici per il tempo strettamente necessario a conseguire gli scopi per cui sono stati raccolti. Specifiche misure di sicurezza sono osservate per prevenire la perdita dei dati, usi illeciti o non corretti ed accessi non autorizzati in ottemperanza agli obblighi di adeguamento a misure minime di sicurezza. Per fornire un servizio completo il sito pu\u00f2 contenere link ad altri siti web, non gestiti dal presente titolare del trattamento il quale non pu\u00f2 essere ritenuto responsabile di errori, contenuti, cookie, pubblicazioni di contenuto morale illecito, pubblicit\u00e0, banner o file non conformi alle disposizioni normative vigenti e del rispetto della normativa Privacy da parte dei siti suddetti.<\/p><p style=\"font-weight: 400;\">\u00a0<\/p><p style=\"font-weight: 400;\"><strong><u>TEMPI DI CONSERVAZIONE DEI DATI<\/u><\/strong><\/p><p style=\"font-weight: 400;\"><strong>ALV S.r.l. <\/strong>per le finalit\u00e0 informative conserver\u00e0 i dati personali per un periodo non superiore a quarantotto mesi dalla loro registrazione, fatta salva la possibilit\u00e0 di rinnovare il consenso o la reale trasformazione in forma anonima che non permetter\u00e0, anche indirettamente o collegando altre banche di dati, di identificare gli interessati.<\/p><p style=\"font-weight: 400;\">\u00a0<\/p><p style=\"font-weight: 400;\"><strong><u>DIRITTI DEGLI INTERESSATI<\/u><\/strong><\/p><p style=\"font-weight: 400;\">Ai sensi dell\u2019articolo 7 del Codice nonch\u00e9 ai sensi degli articoli 13, comma 2, lettere (b) e (d) e da 15 a 22 del GDPR, La informiamo che:<\/p><ol><li>Lei ha il diritto di chiedere ai Titolari del trattamento l\u2019accesso ai dati personali, la rettifica o la cancellazione degli stessi o la limitazione del trattamento che lo riguardano o di opporsi al loro trattamento, o di revocare il consenso, oltre al diritto alla portabilit\u00e0 dei dati;<\/li><li>Lei ha il diritto di proporre un reclamo al Garante, seguendo le procedure e le indicazioni pubblicate sul sito web ufficiale del Garante medesimo su www.garanteprivacy.it;<\/li><\/ol><p style=\"font-weight: 400;\">\u00a0<\/p><p style=\"font-weight: 400;\">Le Sue richieste per l\u2019esercizio dei Suoi diritti dovranno essere rivolte per iscritto al Titolare del trattamento al recapito mail <strong>info@relaisvillagraziani.com<\/strong>. \u00a0L\u2019esercizio dei diritti non \u00e8 soggetto ad alcun vincolo di forma ed \u00e8 gratuito.<\/p><p style=\"font-weight: 400;\">\u00a0<\/p><p style=\"font-weight: 400;\"><strong><u>MODIFICHE ALLA PRESENTE PRIVACY POLICY<\/u><\/strong><\/p><p style=\"font-weight: 400;\">Il titolare del trattamento si riserva il diritto di aggiornare la presente Privacy Policy in ogni momento per adeguarla al diritto sopravveniente e di migliorarla tenendo conto anche dei suggerimenti trasmessi da clienti, collaboratori ed utenti.<\/p>\t\t\t\t\t\t\t\t<\/div>\n\t\t\t\t<\/div>\n\t\t\t\t\t<\/div>\n\t\t<\/div>\n\t\t\t\t\t<\/div>\n\t\t<\/section>\n\t\t\t\t<\/div>\n\t\t","protected":false},"excerpt":{"rendered":"<p>Privacy policy Resa ai sensi e per gli effetti del D. Lgs. 196\/2003 e Regolamento Europeo 2016\/679 FINALITA&#8217; DEL PRESENTE DOCUMENTO Vengono di seguito comunicate le modalit\u00e0 di trattamento dei dati personali degli utenti del sito www.relaisvillagraziani.com, eventualmente raccolti durante la consultazione dello stesso. L&#8217;informativa viene resa ai sensi dell&#8217;art.13 del Decreto Legislativo 20 giugno [&hellip;]<\/p>\n","protected":false},"author":1,"featured_media":0,"parent":0,"menu_order":0,"comment_status":"closed","ping_status":"closed","template":"","meta":{"footnotes":""},"class_list":["post-1498","page","type-page","status-publish","hentry"],"yoast_head":"<!-- This site is optimized with the Yoast SEO plugin v27.5 - https:\/\/yoast.com\/product\/yoast-seo-wordpress\/ -->\n<title>Privacy policy | Relais Villa Graziani<\/title>\n<meta name=\"robots\" content=\"index, follow, max-snippet:-1, max-image-preview:large, max-video-preview:-1\" \/>\n<link rel=\"canonical\" href=\"https:\/\/www.relaisvillagraziani.com\/it\/privacy-policy\/\" \/>\n<meta property=\"og:locale\" content=\"it_IT\" \/>\n<meta property=\"og:type\" content=\"article\" \/>\n<meta property=\"og:title\" content=\"Privacy policy | Relais Villa Graziani\" \/>\n<meta property=\"og:description\" content=\"Privacy policy Resa ai sensi e per gli effetti del D. Lgs. 196\/2003 e Regolamento Europeo 2016\/679 FINALITA&#8217; DEL PRESENTE DOCUMENTO Vengono di seguito comunicate le modalit\u00e0 di trattamento dei dati personali degli utenti del sito www.relaisvillagraziani.com, eventualmente raccolti durante la consultazione dello stesso. L&#8217;informativa viene resa ai sensi dell&#8217;art.13 del Decreto Legislativo 20 giugno [&hellip;]\" \/>\n<meta property=\"og:url\" content=\"https:\/\/www.relaisvillagraziani.com\/it\/privacy-policy\/\" \/>\n<meta property=\"og:site_name\" content=\"Relais Villa Graziani\" \/>\n<meta property=\"article:modified_time\" content=\"2025-01-23T16:02:54+00:00\" \/>\n<meta property=\"og:image\" content=\"https:\/\/www.relaisvillagraziani.com\/wp-content\/uploads\/2024\/11\/villa-graziani-logo-esteso-su-chiaro.png\" \/>\n\t<meta property=\"og:image:width\" content=\"1394\" \/>\n\t<meta property=\"og:image:height\" content=\"270\" \/>\n\t<meta property=\"og:image:type\" content=\"image\/png\" \/>\n<meta name=\"twitter:card\" content=\"summary_large_image\" \/>\n<meta name=\"twitter:label1\" content=\"Tempo di lettura stimato\" \/>\n\t<meta name=\"twitter:data1\" content=\"7 minuti\" \/>\n<script type=\"application\/ld+json\" class=\"yoast-schema-graph\">{\"@context\":\"https:\\\/\\\/schema.org\",\"@graph\":[{\"@type\":\"WebPage\",\"@id\":\"https:\\\/\\\/www.relaisvillagraziani.com\\\/it\\\/privacy-policy\\\/\",\"url\":\"https:\\\/\\\/www.relaisvillagraziani.com\\\/it\\\/privacy-policy\\\/\",\"name\":\"Privacy policy | Relais Villa Graziani\",\"isPartOf\":{\"@id\":\"https:\\\/\\\/www.relaisvillagraziani.com\\\/it\\\/#website\"},\"datePublished\":\"2025-01-23T16:01:24+00:00\",\"dateModified\":\"2025-01-23T16:02:54+00:00\",\"breadcrumb\":{\"@id\":\"https:\\\/\\\/www.relaisvillagraziani.com\\\/it\\\/privacy-policy\\\/#breadcrumb\"},\"inLanguage\":\"it-IT\",\"potentialAction\":[{\"@type\":\"ReadAction\",\"target\":[\"https:\\\/\\\/www.relaisvillagraziani.com\\\/it\\\/privacy-policy\\\/\"]}]},{\"@type\":\"BreadcrumbList\",\"@id\":\"https:\\\/\\\/www.relaisvillagraziani.com\\\/it\\\/privacy-policy\\\/#breadcrumb\",\"itemListElement\":[{\"@type\":\"ListItem\",\"position\":1,\"name\":\"Home\",\"item\":\"https:\\\/\\\/www.relaisvillagraziani.com\\\/it\\\/\"},{\"@type\":\"ListItem\",\"position\":2,\"name\":\"Privacy policy\"}]},{\"@type\":\"WebSite\",\"@id\":\"https:\\\/\\\/www.relaisvillagraziani.com\\\/it\\\/#website\",\"url\":\"https:\\\/\\\/www.relaisvillagraziani.com\\\/it\\\/\",\"name\":\"Relais Villa Graziani\",\"description\":\"\",\"publisher\":{\"@id\":\"https:\\\/\\\/www.relaisvillagraziani.com\\\/it\\\/#organization\"},\"potentialAction\":[{\"@type\":\"SearchAction\",\"target\":{\"@type\":\"EntryPoint\",\"urlTemplate\":\"https:\\\/\\\/www.relaisvillagraziani.com\\\/it\\\/?s={search_term_string}\"},\"query-input\":{\"@type\":\"PropertyValueSpecification\",\"valueRequired\":true,\"valueName\":\"search_term_string\"}}],\"inLanguage\":\"it-IT\"},{\"@type\":\"Organization\",\"@id\":\"https:\\\/\\\/www.relaisvillagraziani.com\\\/it\\\/#organization\",\"name\":\"Relais Villa Graziani\",\"url\":\"https:\\\/\\\/www.relaisvillagraziani.com\\\/it\\\/\",\"logo\":{\"@type\":\"ImageObject\",\"inLanguage\":\"it-IT\",\"@id\":\"https:\\\/\\\/www.relaisvillagraziani.com\\\/it\\\/#\\\/schema\\\/logo\\\/image\\\/\",\"url\":\"https:\\\/\\\/www.relaisvillagraziani.com\\\/wp-content\\\/uploads\\\/2024\\\/11\\\/villa-graziani-logo-esteso-su-chiaro.png\",\"contentUrl\":\"https:\\\/\\\/www.relaisvillagraziani.com\\\/wp-content\\\/uploads\\\/2024\\\/11\\\/villa-graziani-logo-esteso-su-chiaro.png\",\"width\":1394,\"height\":270,\"caption\":\"Relais Villa Graziani\"},\"image\":{\"@id\":\"https:\\\/\\\/www.relaisvillagraziani.com\\\/it\\\/#\\\/schema\\\/logo\\\/image\\\/\"}}]}<\/script>\n<!-- \/ Yoast SEO plugin. -->","yoast_head_json":{"title":"Privacy policy | Relais Villa Graziani","robots":{"index":"index","follow":"follow","max-snippet":"max-snippet:-1","max-image-preview":"max-image-preview:large","max-video-preview":"max-video-preview:-1"},"canonical":"https:\/\/www.relaisvillagraziani.com\/it\/privacy-policy\/","og_locale":"it_IT","og_type":"article","og_title":"Privacy policy | Relais Villa Graziani","og_description":"Privacy policy Resa ai sensi e per gli effetti del D. Lgs. 196\/2003 e Regolamento Europeo 2016\/679 FINALITA&#8217; DEL PRESENTE DOCUMENTO Vengono di seguito comunicate le modalit\u00e0 di trattamento dei dati personali degli utenti del sito www.relaisvillagraziani.com, eventualmente raccolti durante la consultazione dello stesso. L&#8217;informativa viene resa ai sensi dell&#8217;art.13 del Decreto Legislativo 20 giugno [&hellip;]","og_url":"https:\/\/www.relaisvillagraziani.com\/it\/privacy-policy\/","og_site_name":"Relais Villa Graziani","article_modified_time":"2025-01-23T16:02:54+00:00","og_image":[{"width":1394,"height":270,"url":"https:\/\/www.relaisvillagraziani.com\/wp-content\/uploads\/2024\/11\/villa-graziani-logo-esteso-su-chiaro.png","type":"image\/png"}],"twitter_card":"summary_large_image","twitter_misc":{"Tempo di lettura stimato":"7 minuti"},"schema":{"@context":"https:\/\/schema.org","@graph":[{"@type":"WebPage","@id":"https:\/\/www.relaisvillagraziani.com\/it\/privacy-policy\/","url":"https:\/\/www.relaisvillagraziani.com\/it\/privacy-policy\/","name":"Privacy policy | Relais Villa Graziani","isPartOf":{"@id":"https:\/\/www.relaisvillagraziani.com\/it\/#website"},"datePublished":"2025-01-23T16:01:24+00:00","dateModified":"2025-01-23T16:02:54+00:00","breadcrumb":{"@id":"https:\/\/www.relaisvillagraziani.com\/it\/privacy-policy\/#breadcrumb"},"inLanguage":"it-IT","potentialAction":[{"@type":"ReadAction","target":["https:\/\/www.relaisvillagraziani.com\/it\/privacy-policy\/"]}]},{"@type":"BreadcrumbList","@id":"https:\/\/www.relaisvillagraziani.com\/it\/privacy-policy\/#breadcrumb","itemListElement":[{"@type":"ListItem","position":1,"name":"Home","item":"https:\/\/www.relaisvillagraziani.com\/it\/"},{"@type":"ListItem","position":2,"name":"Privacy policy"}]},{"@type":"WebSite","@id":"https:\/\/www.relaisvillagraziani.com\/it\/#website","url":"https:\/\/www.relaisvillagraziani.com\/it\/","name":"Relais Villa Graziani","description":"","publisher":{"@id":"https:\/\/www.relaisvillagraziani.com\/it\/#organization"},"potentialAction":[{"@type":"SearchAction","target":{"@type":"EntryPoint","urlTemplate":"https:\/\/www.relaisvillagraziani.com\/it\/?s={search_term_string}"},"query-input":{"@type":"PropertyValueSpecification","valueRequired":true,"valueName":"search_term_string"}}],"inLanguage":"it-IT"},{"@type":"Organization","@id":"https:\/\/www.relaisvillagraziani.com\/it\/#organization","name":"Relais Villa Graziani","url":"https:\/\/www.relaisvillagraziani.com\/it\/","logo":{"@type":"ImageObject","inLanguage":"it-IT","@id":"https:\/\/www.relaisvillagraziani.com\/it\/#\/schema\/logo\/image\/","url":"https:\/\/www.relaisvillagraziani.com\/wp-content\/uploads\/2024\/11\/villa-graziani-logo-esteso-su-chiaro.png","contentUrl":"https:\/\/www.relaisvillagraziani.com\/wp-content\/uploads\/2024\/11\/villa-graziani-logo-esteso-su-chiaro.png","width":1394,"height":270,"caption":"Relais Villa Graziani"},"image":{"@id":"https:\/\/www.relaisvillagraziani.com\/it\/#\/schema\/logo\/image\/"}}]}},"_links":{"self":[{"href":"https:\/\/www.relaisvillagraziani.com\/it\/wp-json\/wp\/v2\/pages\/1498","targetHints":{"allow":["GET"]}}],"collection":[{"href":"https:\/\/www.relaisvillagraziani.com\/it\/wp-json\/wp\/v2\/pages"}],"about":[{"href":"https:\/\/www.relaisvillagraziani.com\/it\/wp-json\/wp\/v2\/types\/page"}],"author":[{"embeddable":true,"href":"https:\/\/www.relaisvillagraziani.com\/it\/wp-json\/wp\/v2\/users\/1"}],"replies":[{"embeddable":true,"href":"https:\/\/www.relaisvillagraziani.com\/it\/wp-json\/wp\/v2\/comments?post=1498"}],"version-history":[{"count":4,"href":"https:\/\/www.relaisvillagraziani.com\/it\/wp-json\/wp\/v2\/pages\/1498\/revisions"}],"predecessor-version":[{"id":1502,"href":"https:\/\/www.relaisvillagraziani.com\/it\/wp-json\/wp\/v2\/pages\/1498\/revisions\/1502"}],"wp:attachment":[{"href":"https:\/\/www.relaisvillagraziani.com\/it\/wp-json\/wp\/v2\/media?parent=1498"}],"curies":[{"name":"wp","href":"https:\/\/api.w.org\/{rel}","templated":true}]}}